{"id":2826,"date":"2023-04-21T08:58:00","date_gmt":"2023-04-21T08:58:00","guid":{"rendered":"http:\/\/turismopuntagorda.shidix.es\/?page_id=2826"},"modified":"2023-12-12T12:00:59","modified_gmt":"2023-12-12T12:00:59","slug":"fiestas-y-eventos","status":"publish","type":"page","link":"http:\/\/turismopuntagorda.shidix.es\/index.php\/fiestas-y-eventos\/","title":{"rendered":"Fiestas y eventos"},"content":{"rendered":"\t\t<div data-elementor-type=\"wp-page\" data-elementor-id=\"2826\" class=\"elementor elementor-2826\">\n\t\t\t\t\t\t\t\t\t<section class=\"elementor-section elementor-top-section elementor-element elementor-element-bcfc120 elementor-section-boxed elementor-section-height-default elementor-section-height-default\" data-id=\"bcfc120\" data-element_type=\"section\">\n\t\t\t\t\t\t<div class=\"elementor-container elementor-column-gap-default\">\n\t\t\t\t\t<div class=\"elementor-column elementor-col-100 elementor-top-column elementor-element elementor-element-4b2ac0f\" data-id=\"4b2ac0f\" data-element_type=\"column\">\n\t\t\t<div class=\"elementor-widget-wrap elementor-element-populated\">\n\t\t\t\t\t\t\t\t<div class=\"elementor-element elementor-element-ba21163 elementor-widget elementor-widget-heading\" data-id=\"ba21163\" data-element_type=\"widget\" data-widget_type=\"heading.default\">\n\t\t\t\t<div class=\"elementor-widget-container\">\n\t\t\t<style>\/*! elementor - v3.9.2 - 21-12-2022 *\/\n.elementor-heading-title{padding:0;margin:0;line-height:1}.elementor-widget-heading .elementor-heading-title[class*=elementor-size-]>a{color:inherit;font-size:inherit;line-height:inherit}.elementor-widget-heading .elementor-heading-title.elementor-size-small{font-size:15px}.elementor-widget-heading .elementor-heading-title.elementor-size-medium{font-size:19px}.elementor-widget-heading .elementor-heading-title.elementor-size-large{font-size:29px}.elementor-widget-heading .elementor-heading-title.elementor-size-xl{font-size:39px}.elementor-widget-heading .elementor-heading-title.elementor-size-xxl{font-size:59px}<\/style><h3 class=\"elementor-heading-title elementor-size-default\">Eventos<\/h3>\t\t<\/div>\n\t\t\t\t<\/div>\n\t\t\t\t\t<\/div>\n\t\t<\/div>\n\t\t\t\t\t\t\t<\/div>\n\t\t<\/section>\n\t\t\t\t<section class=\"elementor-section elementor-top-section elementor-element elementor-element-70eeebe elementor-section-boxed elementor-section-height-default elementor-section-height-default\" data-id=\"70eeebe\" data-element_type=\"section\">\n\t\t\t\t\t\t<div class=\"elementor-container elementor-column-gap-default\">\n\t\t\t\t\t<div class=\"elementor-column elementor-col-100 elementor-top-column elementor-element elementor-element-369bdcd\" data-id=\"369bdcd\" data-element_type=\"column\">\n\t\t\t<div class=\"elementor-widget-wrap elementor-element-populated\">\n\t\t\t\t\t\t\t\t\t<\/div>\n\t\t<\/div>\n\t\t\t\t\t\t\t<\/div>\n\t\t<\/section>\n\t\t\t\t<section class=\"elementor-section elementor-top-section elementor-element elementor-element-3fab3d5 elementor-section-boxed elementor-section-height-default elementor-section-height-default\" data-id=\"3fab3d5\" data-element_type=\"section\">\n\t\t\t\t\t\t<div class=\"elementor-container elementor-column-gap-default\">\n\t\t\t\t\t<div class=\"elementor-column elementor-col-100 elementor-top-column elementor-element elementor-element-f763daa\" data-id=\"f763daa\" data-element_type=\"column\">\n\t\t\t<div class=\"elementor-widget-wrap elementor-element-populated\">\n\t\t\t\t\t\t\t\t<div class=\"elementor-element elementor-element-603b857 elementor-widget elementor-widget-heading\" data-id=\"603b857\" data-element_type=\"widget\" data-widget_type=\"heading.default\">\n\t\t\t\t<div class=\"elementor-widget-container\">\n\t\t\t<h3 class=\"elementor-heading-title elementor-size-default\">Fiestas<\/h3>\t\t<\/div>\n\t\t\t\t<\/div>\n\t\t\t\t\t<\/div>\n\t\t<\/div>\n\t\t\t\t\t\t\t<\/div>\n\t\t<\/section>\n\t\t\t\t<section class=\"elementor-section elementor-top-section elementor-element elementor-element-190743b elementor-section-boxed elementor-section-height-default elementor-section-height-default\" data-id=\"190743b\" data-element_type=\"section\">\n\t\t\t\t\t\t<div class=\"elementor-container elementor-column-gap-default\">\n\t\t\t\t\t<div class=\"elementor-column elementor-col-100 elementor-top-column elementor-element elementor-element-e5d09ec\" data-id=\"e5d09ec\" data-element_type=\"column\">\n\t\t\t<div class=\"elementor-widget-wrap elementor-element-populated\">\n\t\t\t\t\t\t\t\t<div class=\"elementor-element elementor-element-811170a elementor-widget elementor-widget-text-editor\" data-id=\"811170a\" data-element_type=\"widget\" data-widget_type=\"text-editor.default\">\n\t\t\t\t<div class=\"elementor-widget-container\">\n\t\t\t<style>\/*! elementor - v3.9.2 - 21-12-2022 *\/\n.elementor-widget-text-editor.elementor-drop-cap-view-stacked .elementor-drop-cap{background-color:#818a91;color:#fff}.elementor-widget-text-editor.elementor-drop-cap-view-framed .elementor-drop-cap{color:#818a91;border:3px solid;background-color:transparent}.elementor-widget-text-editor:not(.elementor-drop-cap-view-default) .elementor-drop-cap{margin-top:8px}.elementor-widget-text-editor:not(.elementor-drop-cap-view-default) .elementor-drop-cap-letter{width:1em;height:1em}.elementor-widget-text-editor .elementor-drop-cap{float:left;text-align:center;line-height:1;font-size:50px}.elementor-widget-text-editor .elementor-drop-cap-letter{display:inline-block}<\/style>\t\t\t\t<p><img loading=\"lazy\" class=\"wp-image-5843 size-thumbnail alignleft\" src=\"http:\/\/turismopuntagorda.shidix.es\/wp-content\/uploads\/2023\/10\/15-enero-150x150.jpg\" alt=\"\" width=\"150\" height=\"150\" srcset=\"http:\/\/turismopuntagorda.shidix.es\/wp-content\/uploads\/2023\/10\/15-enero-150x150.jpg 150w, http:\/\/turismopuntagorda.shidix.es\/wp-content\/uploads\/2023\/10\/15-enero-300x300.jpg 300w\" sizes=\"(max-width: 150px) 100vw, 150px\" \/><strong data-rich-text-format-boundary=\"true\">15 de Enero<br data-rich-text-line-break=\"true\" \/><\/strong>D\u00eda de San Mauro Abad, patr\u00f3n de nuestro municipio, se celebra una festividad religiosa. Se organiza la misa en su honor en el Antiguo Templo de San Mauro con la procesi\u00f3n de la imagen acompa\u00f1ada por la Banda de M\u00fasica del municipio. Este d\u00eda es festivo en la localidad.<\/p>\t\t\t\t\t\t<\/div>\n\t\t\t\t<\/div>\n\t\t\t\t\t<\/div>\n\t\t<\/div>\n\t\t\t\t\t\t\t<\/div>\n\t\t<\/section>\n\t\t\t\t<section class=\"elementor-section elementor-top-section elementor-element elementor-element-e09f119 elementor-section-boxed elementor-section-height-default elementor-section-height-default\" data-id=\"e09f119\" data-element_type=\"section\">\n\t\t\t\t\t\t<div class=\"elementor-container elementor-column-gap-default\">\n\t\t\t\t\t<div class=\"elementor-column elementor-col-50 elementor-top-column elementor-element elementor-element-f24af17\" data-id=\"f24af17\" data-element_type=\"column\">\n\t\t\t<div class=\"elementor-widget-wrap elementor-element-populated\">\n\t\t\t\t\t\t\t\t<div class=\"elementor-element elementor-element-12b7963 elementor-widget elementor-widget-text-editor\" data-id=\"12b7963\" data-element_type=\"widget\" data-widget_type=\"text-editor.default\">\n\t\t\t\t<div class=\"elementor-widget-container\">\n\t\t\t\t\t\t\t<figure class=\"wp-block-image alignleft\"><img loading=\"lazy\" class=\"alignleft wp-image-5844 size-thumbnail\" src=\"http:\/\/turismopuntagorda.shidix.es\/wp-content\/uploads\/2023\/10\/almendro-en-flor-150x150.jpg\" alt=\"\" width=\"150\" height=\"150\" srcset=\"http:\/\/turismopuntagorda.shidix.es\/wp-content\/uploads\/2023\/10\/almendro-en-flor-150x150.jpg 150w, http:\/\/turismopuntagorda.shidix.es\/wp-content\/uploads\/2023\/10\/almendro-en-flor-300x300.jpg 300w\" sizes=\"(max-width: 150px) 100vw, 150px\" \/><\/figure><p><strong data-rich-text-format-boundary=\"true\">Fiestas del Almendro en flor<br data-rich-text-line-break=\"true\" \/><\/strong>La Fiesta del Almendro en Flor se realiza en el barrio de El Pinar. Declarada Fiesta de Inter\u00e9s Tur\u00edstico de Canarias, en 2022. Esta fiesta comienza en el a\u00f1o 1977 y se celebra el \u00faltimo fin de semana de enero o el primero de febrero de cada a\u00f1o, seg\u00fan sea la floraci\u00f3n de los almendros, fruto al cual se le rinde tributo.<br data-rich-text-line-break=\"true\" \/>La Fiesta del Almendro, una de las m\u00e1s concurridas del Municipio, dura 3 d\u00edas (viernes, s\u00e1bado y domingo). Durante su celebraci\u00f3n se realizan actividades culturales y deportivas para todos los p\u00fablicos. Destaca del Almendro el Festival Musical que tiene lugar el domingo en las canchas anexas al IES Puntagorda, donde act\u00faan grupos de m\u00fasica folcl\u00f3rica, punto cubano, mariachis o el recital de poemas entre otros. Adem\u00e1s, durante el festival se reparten almendras saladas y vino del pa\u00eds para todos los visitantes que ese d\u00eda nos acompa\u00f1an. Tambi\u00e9n pueden degustar otros productos derivados de la almendra as\u00ed como disfrutar del ventorrillo, que alberga un ambiente festivo que no deja indiferente a nadie.<\/p>\t\t\t\t\t\t<\/div>\n\t\t\t\t<\/div>\n\t\t\t\t\t<\/div>\n\t\t<\/div>\n\t\t\t\t<div class=\"elementor-column elementor-col-50 elementor-top-column elementor-element elementor-element-8bfc1ad\" data-id=\"8bfc1ad\" data-element_type=\"column\">\n\t\t\t<div class=\"elementor-widget-wrap elementor-element-populated\">\n\t\t\t\t\t\t\t\t<div class=\"elementor-element elementor-element-a7d17f3 elementor-widget elementor-widget-text-editor\" data-id=\"a7d17f3\" data-element_type=\"widget\" data-widget_type=\"text-editor.default\">\n\t\t\t\t<div class=\"elementor-widget-container\">\n\t\t\t\t\t\t\t<p>\u00a0<\/p><p>\u00a0<\/p>\t\t\t\t\t\t<\/div>\n\t\t\t\t<\/div>\n\t\t\t\t<div class=\"elementor-element elementor-element-c647e28 elementor-grid-1 elementor-shape-rounded e-grid-align-center elementor-widget elementor-widget-social-icons\" data-id=\"c647e28\" data-element_type=\"widget\" data-widget_type=\"social-icons.default\">\n\t\t\t\t<div class=\"elementor-widget-container\">\n\t\t\t<style>\/*! elementor - v3.9.2 - 21-12-2022 *\/\n.elementor-widget-social-icons.elementor-grid-0 .elementor-widget-container,.elementor-widget-social-icons.elementor-grid-mobile-0 .elementor-widget-container,.elementor-widget-social-icons.elementor-grid-tablet-0 .elementor-widget-container{line-height:1;font-size:0}.elementor-widget-social-icons:not(.elementor-grid-0):not(.elementor-grid-tablet-0):not(.elementor-grid-mobile-0) .elementor-grid{display:inline-grid}.elementor-widget-social-icons .elementor-grid{grid-column-gap:var(--grid-column-gap,5px);grid-row-gap:var(--grid-row-gap,5px);grid-template-columns:var(--grid-template-columns);justify-content:var(--justify-content,center);justify-items:var(--justify-content,center)}.elementor-icon.elementor-social-icon{font-size:var(--icon-size,25px);line-height:var(--icon-size,25px);width:calc(var(--icon-size, 25px) + (2 * var(--icon-padding, .5em)));height:calc(var(--icon-size, 25px) + (2 * var(--icon-padding, .5em)))}.elementor-social-icon{--e-social-icon-icon-color:#fff;display:inline-flex;background-color:#818a91;align-items:center;justify-content:center;text-align:center;cursor:pointer}.elementor-social-icon i{color:var(--e-social-icon-icon-color)}.elementor-social-icon svg{fill:var(--e-social-icon-icon-color)}.elementor-social-icon:last-child{margin:0}.elementor-social-icon:hover{opacity:.9;color:#fff}.elementor-social-icon-android{background-color:#a4c639}.elementor-social-icon-apple{background-color:#999}.elementor-social-icon-behance{background-color:#1769ff}.elementor-social-icon-bitbucket{background-color:#205081}.elementor-social-icon-codepen{background-color:#000}.elementor-social-icon-delicious{background-color:#39f}.elementor-social-icon-deviantart{background-color:#05cc47}.elementor-social-icon-digg{background-color:#005be2}.elementor-social-icon-dribbble{background-color:#ea4c89}.elementor-social-icon-elementor{background-color:#d30c5c}.elementor-social-icon-envelope{background-color:#ea4335}.elementor-social-icon-facebook,.elementor-social-icon-facebook-f{background-color:#3b5998}.elementor-social-icon-flickr{background-color:#0063dc}.elementor-social-icon-foursquare{background-color:#2d5be3}.elementor-social-icon-free-code-camp,.elementor-social-icon-freecodecamp{background-color:#006400}.elementor-social-icon-github{background-color:#333}.elementor-social-icon-gitlab{background-color:#e24329}.elementor-social-icon-globe{background-color:#818a91}.elementor-social-icon-google-plus,.elementor-social-icon-google-plus-g{background-color:#dd4b39}.elementor-social-icon-houzz{background-color:#7ac142}.elementor-social-icon-instagram{background-color:#262626}.elementor-social-icon-jsfiddle{background-color:#487aa2}.elementor-social-icon-link{background-color:#818a91}.elementor-social-icon-linkedin,.elementor-social-icon-linkedin-in{background-color:#0077b5}.elementor-social-icon-medium{background-color:#00ab6b}.elementor-social-icon-meetup{background-color:#ec1c40}.elementor-social-icon-mixcloud{background-color:#273a4b}.elementor-social-icon-odnoklassniki{background-color:#f4731c}.elementor-social-icon-pinterest{background-color:#bd081c}.elementor-social-icon-product-hunt{background-color:#da552f}.elementor-social-icon-reddit{background-color:#ff4500}.elementor-social-icon-rss{background-color:#f26522}.elementor-social-icon-shopping-cart{background-color:#4caf50}.elementor-social-icon-skype{background-color:#00aff0}.elementor-social-icon-slideshare{background-color:#0077b5}.elementor-social-icon-snapchat{background-color:#fffc00}.elementor-social-icon-soundcloud{background-color:#f80}.elementor-social-icon-spotify{background-color:#2ebd59}.elementor-social-icon-stack-overflow{background-color:#fe7a15}.elementor-social-icon-steam{background-color:#00adee}.elementor-social-icon-stumbleupon{background-color:#eb4924}.elementor-social-icon-telegram{background-color:#2ca5e0}.elementor-social-icon-thumb-tack{background-color:#1aa1d8}.elementor-social-icon-tripadvisor{background-color:#589442}.elementor-social-icon-tumblr{background-color:#35465c}.elementor-social-icon-twitch{background-color:#6441a5}.elementor-social-icon-twitter{background-color:#1da1f2}.elementor-social-icon-viber{background-color:#665cac}.elementor-social-icon-vimeo{background-color:#1ab7ea}.elementor-social-icon-vk{background-color:#45668e}.elementor-social-icon-weibo{background-color:#dd2430}.elementor-social-icon-weixin{background-color:#31a918}.elementor-social-icon-whatsapp{background-color:#25d366}.elementor-social-icon-wordpress{background-color:#21759b}.elementor-social-icon-xing{background-color:#026466}.elementor-social-icon-yelp{background-color:#af0606}.elementor-social-icon-youtube{background-color:#cd201f}.elementor-social-icon-500px{background-color:#0099e5}.elementor-shape-rounded .elementor-icon.elementor-social-icon{border-radius:10%}.elementor-shape-circle .elementor-icon.elementor-social-icon{border-radius:50%}<\/style>\t\t<div class=\"elementor-social-icons-wrapper elementor-grid\">\n\t\t\t\t\t\t\t<span class=\"elementor-grid-item\">\n\t\t\t\t\t<a class=\"elementor-icon elementor-social-icon elementor-social-icon-link elementor-repeater-item-c4100d1\" href=\"\/index.php\/fiesta-del-almendro-en-flor\/\">\n\t\t\t\t\t\t<span class=\"elementor-screen-only\">Link<\/span>\n\t\t\t\t\t\t<i class=\"fas fa-link\"><\/i>\t\t\t\t\t<\/a>\n\t\t\t\t<\/span>\n\t\t\t\t\t<\/div>\n\t\t\t\t<\/div>\n\t\t\t\t<\/div>\n\t\t\t\t\t<\/div>\n\t\t<\/div>\n\t\t\t\t\t\t\t<\/div>\n\t\t<\/section>\n\t\t\t\t<section class=\"elementor-section elementor-top-section elementor-element elementor-element-0410155 elementor-section-boxed elementor-section-height-default elementor-section-height-default\" data-id=\"0410155\" data-element_type=\"section\">\n\t\t\t\t\t\t<div class=\"elementor-container elementor-column-gap-default\">\n\t\t\t\t\t<div class=\"elementor-column elementor-col-100 elementor-top-column elementor-element elementor-element-47cb9e6\" data-id=\"47cb9e6\" data-element_type=\"column\">\n\t\t\t<div class=\"elementor-widget-wrap elementor-element-populated\">\n\t\t\t\t\t\t\t\t<div class=\"elementor-element elementor-element-15909c2 elementor-widget elementor-widget-text-editor\" data-id=\"15909c2\" data-element_type=\"widget\" data-widget_type=\"text-editor.default\">\n\t\t\t\t<div class=\"elementor-widget-container\">\n\t\t\t\t\t\t\t<p><strong><img loading=\"lazy\" class=\"alignleft wp-image-5845 size-thumbnail\" src=\"http:\/\/turismopuntagorda.shidix.es\/wp-content\/uploads\/2023\/10\/carnaval-150x150.jpg\" alt=\"\" width=\"150\" height=\"150\" srcset=\"http:\/\/turismopuntagorda.shidix.es\/wp-content\/uploads\/2023\/10\/carnaval-150x150.jpg 150w, http:\/\/turismopuntagorda.shidix.es\/wp-content\/uploads\/2023\/10\/carnaval-300x300.jpg 300w\" sizes=\"(max-width: 150px) 100vw, 150px\" \/>Carnaval<br><\/strong>Se organizan actos dedicados, mayormente, a los ni\u00f1os, con hinchables, talleres infantiles, desfiles de ni\u00f1os, coso infantil, comparsas etc. hacemos concursos de disfraces y tambi\u00e9n celebramos y damos entierro a la sardina. Las actividades se realizan en el Mercadillo y en la Comunidad Cuatro Caminos.<\/p>\t\t\t\t\t\t<\/div>\n\t\t\t\t<\/div>\n\t\t\t\t\t<\/div>\n\t\t<\/div>\n\t\t\t\t\t\t\t<\/div>\n\t\t<\/section>\n\t\t\t\t<section class=\"elementor-section elementor-top-section elementor-element elementor-element-8c852a8 elementor-section-boxed elementor-section-height-default elementor-section-height-default\" data-id=\"8c852a8\" data-element_type=\"section\">\n\t\t\t\t\t\t<div class=\"elementor-container elementor-column-gap-default\">\n\t\t\t\t\t<div class=\"elementor-column elementor-col-100 elementor-top-column elementor-element elementor-element-495e47f\" data-id=\"495e47f\" data-element_type=\"column\">\n\t\t\t<div class=\"elementor-widget-wrap elementor-element-populated\">\n\t\t\t\t\t\t\t\t<div class=\"elementor-element elementor-element-4ddfcfe elementor-widget elementor-widget-text-editor\" data-id=\"4ddfcfe\" data-element_type=\"widget\" data-widget_type=\"text-editor.default\">\n\t\t\t\t<div class=\"elementor-widget-container\">\n\t\t\t\t\t\t\t<p><strong><img loading=\"lazy\" class=\"alignleft wp-image-5848 size-thumbnail\" src=\"http:\/\/turismopuntagorda.shidix.es\/wp-content\/uploads\/2023\/10\/matos-150x150.jpg\" alt=\"\" width=\"150\" height=\"150\" srcset=\"http:\/\/turismopuntagorda.shidix.es\/wp-content\/uploads\/2023\/10\/matos-150x150.jpg 150w, http:\/\/turismopuntagorda.shidix.es\/wp-content\/uploads\/2023\/10\/matos-300x300.jpg 300w, http:\/\/turismopuntagorda.shidix.es\/wp-content\/uploads\/2023\/10\/matos-1024x1024.jpg 1024w, http:\/\/turismopuntagorda.shidix.es\/wp-content\/uploads\/2023\/10\/matos-768x768.jpg 768w, http:\/\/turismopuntagorda.shidix.es\/wp-content\/uploads\/2023\/10\/matos-1536x1536.jpg 1536w, http:\/\/turismopuntagorda.shidix.es\/wp-content\/uploads\/2023\/10\/matos.jpg 1736w\" sizes=\"(max-width: 150px) 100vw, 150px\" \/>15 de Mayo<br \/><\/strong>Es el d\u00eda de la Cruz de Matos y lo celebramos el domingo m\u00e1s cercano a esa fecha en el mirador de la Monta\u00f1a de Matos, que es donde se encuentra la cruz. La vestimos de gala para ese d\u00eda y organizamos un baile desde las 12 de la ma\u00f1ana hasta que se oscurece y una comida fraternal que se reparte sobre la 14:30h.<\/p>\t\t\t\t\t\t<\/div>\n\t\t\t\t<\/div>\n\t\t\t\t\t<\/div>\n\t\t<\/div>\n\t\t\t\t\t\t\t<\/div>\n\t\t<\/section>\n\t\t\t\t<section class=\"elementor-section elementor-top-section elementor-element elementor-element-7e646fe elementor-section-boxed elementor-section-height-default elementor-section-height-default\" data-id=\"7e646fe\" data-element_type=\"section\">\n\t\t\t\t\t\t<div class=\"elementor-container elementor-column-gap-default\">\n\t\t\t\t\t<div class=\"elementor-column elementor-col-100 elementor-top-column elementor-element elementor-element-78b3cec\" data-id=\"78b3cec\" data-element_type=\"column\">\n\t\t\t<div class=\"elementor-widget-wrap elementor-element-populated\">\n\t\t\t\t\t\t\t\t<div class=\"elementor-element elementor-element-8680ba1 elementor-widget elementor-widget-text-editor\" data-id=\"8680ba1\" data-element_type=\"widget\" data-widget_type=\"text-editor.default\">\n\t\t\t\t<div class=\"elementor-widget-container\">\n\t\t\t\t\t\t\t<p><strong><img loading=\"lazy\" class=\"alignleft wp-image-5846 size-thumbnail\" src=\"http:\/\/turismopuntagorda.shidix.es\/wp-content\/uploads\/2023\/10\/Dia-de-canarias-150x150.jpg\" alt=\"\" width=\"150\" height=\"150\" srcset=\"http:\/\/turismopuntagorda.shidix.es\/wp-content\/uploads\/2023\/10\/Dia-de-canarias-150x150.jpg 150w, http:\/\/turismopuntagorda.shidix.es\/wp-content\/uploads\/2023\/10\/Dia-de-canarias-300x300.jpg 300w\" sizes=\"(max-width: 150px) 100vw, 150px\" \/>30 de Mayo<br \/><\/strong>Celebramos en el Mercadillo del Agricultor el D\u00eda de Canarias con actuaciones de la Banda Municipal y del Aula de Cuerda de Puntagorda. Adem\u00e1s, se realizan demostraciones de juegos t\u00edpicos de Canarias as\u00ed como un concurso de fotograf\u00eda.<\/p>\t\t\t\t\t\t<\/div>\n\t\t\t\t<\/div>\n\t\t\t\t\t<\/div>\n\t\t<\/div>\n\t\t\t\t\t\t\t<\/div>\n\t\t<\/section>\n\t\t\t\t<section class=\"elementor-section elementor-top-section elementor-element elementor-element-eec290b elementor-section-boxed elementor-section-height-default elementor-section-height-default\" data-id=\"eec290b\" data-element_type=\"section\">\n\t\t\t\t\t\t<div class=\"elementor-container elementor-column-gap-default\">\n\t\t\t\t\t<div class=\"elementor-column elementor-col-100 elementor-top-column elementor-element elementor-element-bff268e\" data-id=\"bff268e\" data-element_type=\"column\">\n\t\t\t<div class=\"elementor-widget-wrap elementor-element-populated\">\n\t\t\t\t\t\t\t\t<div class=\"elementor-element elementor-element-212160a elementor-widget elementor-widget-text-editor\" data-id=\"212160a\" data-element_type=\"widget\" data-widget_type=\"text-editor.default\">\n\t\t\t\t<div class=\"elementor-widget-container\">\n\t\t\t\t\t\t\t<p><strong data-wp-editing=\"1\"><img loading=\"lazy\" class=\"alignleft wp-image-5847 size-thumbnail\" src=\"http:\/\/turismopuntagorda.shidix.es\/wp-content\/uploads\/2023\/10\/fiesta-Agosto-150x150.jpg\" alt=\"\" width=\"150\" height=\"150\" srcset=\"http:\/\/turismopuntagorda.shidix.es\/wp-content\/uploads\/2023\/10\/fiesta-Agosto-150x150.jpg 150w, http:\/\/turismopuntagorda.shidix.es\/wp-content\/uploads\/2023\/10\/fiesta-Agosto-300x300.jpg 300w\" sizes=\"(max-width: 150px) 100vw, 150px\" \/>En agosto celebramos las Fiestas en Honor a San Mauro Abad<br \/><\/strong>Durante el mes de agosto tienen lugar las Fiestas patronales en Honor a San Mauro Abad. La primera semana del mes se llevan a cabo los actos deportivos, y la segunda los actos culturales. La fiesta cuenta con diferentes festivales dedicados a todos los p\u00fablicos donde participan y colaboran los puntagorderos y puntagorderas. El s\u00e1bado es el d\u00eda grande de las fiestas con la tradicional romer\u00eda al Antiguo Templo de San Mauro. Las carrozas, elaboradas por los propios vecinos, acompa\u00f1adas por las agrupaciones folkl\u00f3ricas y los romeros y romeras, ataviados con los trajes t\u00edpicos, bajan desde el Ayuntamiento hacia el Templo ubicado en la costa de Puntagorda. Una vez all\u00ed se celebra la Santa Misa y se ofrece una comida de hermandad. Los Bailes y el ambiente festivo duran hasta la puesta del sol. El domingo las fiestas llegan a su fin con la Misa cantada y la posterior procesi\u00f3n del Santo Patr\u00f3n y exhibici\u00f3n de fuegos artificiales.<\/p>\t\t\t\t\t\t<\/div>\n\t\t\t\t<\/div>\n\t\t\t\t\t<\/div>\n\t\t<\/div>\n\t\t\t\t\t\t\t<\/div>\n\t\t<\/section>\n\t\t\t\t<section class=\"elementor-section elementor-top-section elementor-element elementor-element-0748d60 elementor-section-boxed elementor-section-height-default elementor-section-height-default\" data-id=\"0748d60\" data-element_type=\"section\">\n\t\t\t\t\t\t<div class=\"elementor-container elementor-column-gap-default\">\n\t\t\t\t\t<div class=\"elementor-column elementor-col-100 elementor-top-column elementor-element elementor-element-c0d2309\" data-id=\"c0d2309\" data-element_type=\"column\">\n\t\t\t<div class=\"elementor-widget-wrap elementor-element-populated\">\n\t\t\t\t\t\t\t\t<div class=\"elementor-element elementor-element-15071f3 elementor-widget elementor-widget-text-editor\" data-id=\"15071f3\" data-element_type=\"widget\" data-widget_type=\"text-editor.default\">\n\t\t\t\t<div class=\"elementor-widget-container\">\n\t\t\t\t\t\t\t<p><strong><img loading=\"lazy\" class=\"wp-image-5850 size-thumbnail alignleft\" src=\"http:\/\/turismopuntagorda.shidix.es\/wp-content\/uploads\/2023\/10\/primera-seman-de-junio-150x150.jpg\" alt=\"\" width=\"150\" height=\"150\" srcset=\"http:\/\/turismopuntagorda.shidix.es\/wp-content\/uploads\/2023\/10\/primera-seman-de-junio-150x150.jpg 150w, http:\/\/turismopuntagorda.shidix.es\/wp-content\/uploads\/2023\/10\/primera-seman-de-junio-300x300.jpg 300w\" sizes=\"(max-width: 150px) 100vw, 150px\" \/>Primera semana de junio<br \/><\/strong>La fiesta en honor a San Roque la realizamos en la plaza del barrio de El Roque. All\u00ed est\u00e1 el Santo en una capilla reformada por el Ayuntamiento. La fiesta dura 3 d\u00edas (viernes, s\u00e1bado y domingo) y entre los actos tenemos la misa en honor al santo, la actuaci\u00f3n de la Banda de M\u00fasica y el Aula de Cuerda municipal, tambi\u00e9n hay animaci\u00f3n e hinchables para los ni\u00f1os y bailes.<\/p>\t\t\t\t\t\t<\/div>\n\t\t\t\t<\/div>\n\t\t\t\t\t<\/div>\n\t\t<\/div>\n\t\t\t\t\t\t\t<\/div>\n\t\t<\/section>\n\t\t\t\t<section class=\"elementor-section elementor-top-section elementor-element elementor-element-3fcbcdd elementor-section-boxed elementor-section-height-default elementor-section-height-default\" data-id=\"3fcbcdd\" data-element_type=\"section\">\n\t\t\t\t\t\t<div class=\"elementor-container elementor-column-gap-default\">\n\t\t\t\t\t<div class=\"elementor-column elementor-col-100 elementor-top-column elementor-element elementor-element-71fd344\" data-id=\"71fd344\" data-element_type=\"column\">\n\t\t\t<div class=\"elementor-widget-wrap elementor-element-populated\">\n\t\t\t\t\t\t\t\t<div class=\"elementor-element elementor-element-470ae20 elementor-widget elementor-widget-text-editor\" data-id=\"470ae20\" data-element_type=\"widget\" data-widget_type=\"text-editor.default\">\n\t\t\t\t<div class=\"elementor-widget-container\">\n\t\t\t\t\t\t\t<p><strong><img loading=\"lazy\" class=\"wp-image-5849 size-thumbnail alignleft\" src=\"http:\/\/turismopuntagorda.shidix.es\/wp-content\/uploads\/2023\/10\/navidad-150x150.jpg\" alt=\"\" width=\"150\" height=\"150\" srcset=\"http:\/\/turismopuntagorda.shidix.es\/wp-content\/uploads\/2023\/10\/navidad-150x150.jpg 150w, http:\/\/turismopuntagorda.shidix.es\/wp-content\/uploads\/2023\/10\/navidad-300x300.jpg 300w\" sizes=\"(max-width: 150px) 100vw, 150px\" \/>Diciembre<\/strong><br \/>En el mes de diciembre tienen lugar los actos de Navidad en Puntagorda. Comienzan con la inauguraci\u00f3n del Bel\u00e9n Municipal ubicado bajo el Pino de la Virgen. En el Antiguo Templo de San Mauro se realiza un Concierto Navide\u00f1o en el que participa nuestra Banda Municipal de M\u00fasica y la Agrupaci\u00f3n Camari\u00f1o de Puntagorda. Tambi\u00e9n se realizan representaciones teatrales de mano de la Escuela Comarcal de Teatro. Durante estas fechas la Rondalla recorre las calles del municipio cantando villancicos tradicionales. La entrada del A\u00f1o Nuevo la celebramos con un baile en la Comunidad 4 Caminos. El 5 de enero la Cabalgata de los Reyes Magos pone el punto y final a las Navidades. En el Pino de la Virgen se realiza la representaci\u00f3n de la llegada de sus Majestades los Reyes a Jerusal\u00e9n y posterior entrega de regalos a los ni\u00f1os de entre 0 y 10 a\u00f1os.<\/p>\t\t\t\t\t\t<\/div>\n\t\t\t\t<\/div>\n\t\t\t\t\t<\/div>\n\t\t<\/div>\n\t\t\t\t\t\t\t<\/div>\n\t\t<\/section>\n\t\t\t\t\t\t\t<\/div>\n\t\t","protected":false},"excerpt":{"rendered":"<p>Eventos Fiestas 15 de EneroD\u00eda de San Mauro Abad, patr\u00f3n de nuestro municipio, se celebra una festividad religiosa. Se organiza la misa en su honor en el Antiguo Templo de San Mauro con la procesi\u00f3n de la imagen acompa\u00f1ada por la Banda de M\u00fasica del municipio. Este d\u00eda es festivo en la localidad. Fiestas del Almendro en florLa Fiesta del&#8230;<\/p>\n","protected":false},"author":1,"featured_media":0,"parent":0,"menu_order":0,"comment_status":"closed","ping_status":"closed","template":"","meta":{"_eb_attr":""},"_links":{"self":[{"href":"http:\/\/turismopuntagorda.shidix.es\/index.php\/wp-json\/wp\/v2\/pages\/2826"}],"collection":[{"href":"http:\/\/turismopuntagorda.shidix.es\/index.php\/wp-json\/wp\/v2\/pages"}],"about":[{"href":"http:\/\/turismopuntagorda.shidix.es\/index.php\/wp-json\/wp\/v2\/types\/page"}],"author":[{"embeddable":true,"href":"http:\/\/turismopuntagorda.shidix.es\/index.php\/wp-json\/wp\/v2\/users\/1"}],"replies":[{"embeddable":true,"href":"http:\/\/turismopuntagorda.shidix.es\/index.php\/wp-json\/wp\/v2\/comments?post=2826"}],"version-history":[{"count":80,"href":"http:\/\/turismopuntagorda.shidix.es\/index.php\/wp-json\/wp\/v2\/pages\/2826\/revisions"}],"predecessor-version":[{"id":6293,"href":"http:\/\/turismopuntagorda.shidix.es\/index.php\/wp-json\/wp\/v2\/pages\/2826\/revisions\/6293"}],"wp:attachment":[{"href":"http:\/\/turismopuntagorda.shidix.es\/index.php\/wp-json\/wp\/v2\/media?parent=2826"}],"curies":[{"name":"wp","href":"https:\/\/api.w.org\/{rel}","templated":true}]}}